{"id":2530,"date":"2016-02-15T08:54:35","date_gmt":"2016-02-15T07:54:35","guid":{"rendered":"https:\/\/www.siegfriedhagl.com\/?page_id=2530"},"modified":"2024-07-04T10:56:13","modified_gmt":"2024-07-04T09:56:13","slug":"biographie-siegfried-hagl","status":"publish","type":"page","link":"https:\/\/www.siegfriedhagl.com\/it\/","title":{"rendered":"Sigfrido Agl"},"content":{"rendered":"\n<h2 class=\"wp-block-heading\">\u00dcber Siegfried Hagl<\/h2>\n\n\n\n<div class=\"wp-block-columns is-layout-flex wp-container-core-columns-is-layout-9d6595d7 wp-block-columns-is-layout-flex\">\n<div class=\"wp-block-column is-vertically-aligned-top is-layout-flow wp-block-column-is-layout-flow\" style=\"flex-basis:33.33%\">\n<figure class=\"wp-block-image size-full\"><a href=\"https:\/\/www.siegfriedhagl.com\/wp-content\/uploads\/Siegfried-Hagl.jpg\"><img loading=\"lazy\" decoding=\"async\" width=\"488\" height=\"650\" src=\"https:\/\/www.siegfriedhagl.com\/wp-content\/uploads\/Siegfried-Hagl.jpg\" alt=\"\" class=\"wp-image-6535\" srcset=\"https:\/\/www.siegfriedhagl.com\/wp-content\/uploads\/Siegfried-Hagl.jpg 488w, https:\/\/www.siegfriedhagl.com\/wp-content\/uploads\/Siegfried-Hagl-225x300.jpg 225w\" sizes=\"auto, (max-width: 488px) 100vw, 488px\" \/><\/a><\/figure>\n<\/div>\n\n\n\n<div class=\"wp-block-column is-vertically-aligned-center is-layout-flow wp-block-column-is-layout-flow\" style=\"flex-basis:66.66%\">\n<p>Siegfried Hagl, ist Diplom-Ingenieur, Dozent, Schriftsteller und Autor zahlreicher B\u00fccher.<\/p>\n\n\n\n<p>Seine Interessenschwerpunkte sind Geschichte, Technik, Esoterik, \u00d6kologie, Religionsgeschichte, Wissenschaft und Wirtschaft. In seinem aktuellen Buch &#8222;<em>Kurz, knapp, kurios: Au\u00dfergew\u00f6hnliche Episoden aus Geschichte, Kultur und Gesellschaft<\/em>&#8220; (<a href=\"https:\/\/kurzknappkurios.com\/\" target=\"_blank\" rel=\"noreferrer noopener\">weitere Informationen <em>hier<\/em><\/a>) stellt Siegfried Hagl eine erlesene Auswahl seines Schaffens der letzten Jahrzehnte vor.<\/p>\n<\/div>\n<\/div>\n\n\n\n<h2 class=\"wp-block-heading\">Biographie<\/h2>\n\n\n\n<p>Siegfried Hagl ist geb\u00fcrtiger M\u00fcnchner des Jahrgangs 1931. Nach einer gl\u00fccklichen Kindheit durchlebte er fr\u00fch die Turbulenzen einer schwierigen Zeit: Ausgebomt werden, Verlust des Vaters durch einen Luftangriff, schwere Besch\u00e4digung des Gesch\u00e4ftshauses, Besatzung, vor\u00fcbergehende R\u00e4umung des Einfamilienhauses f\u00fcr die Besatzungstruppen, die Not der Nachkriegszeit und der nicht einfache Aufbau nach der W\u00e4hrungsreform. Siegfried Hagl ist verheiratet, hat zwei erwachsene Kinder und drei Enkelkinder. <\/p>\n\n\n\n<p>Etliche Jahre trieb er auch aktiv Sport. Als Degenfechter war er Bayerischer Meister und Deutscher Vizemeister, und er startete zuletzt als Mitglied der Deutschen Nationalmannschaft bei einem offiziellen L\u00e4nderkampf gegen Polen in Warschau.<\/p>\n\n\n\n<p>Sein beruflicher Werdegang f\u00fchrte \u00fcber eine kaufm\u00e4nnische Lehre im Fahrradteilegro\u00dfhandel, Akkordarbeiter und Sachbearbeiter in einer Reifenfabrik, sowie eine Ausbildung zum Gummitechniker, zur Technischen Hochschule Darmstadt, an der er als Stipendiat eines Industrieunternehmens Maschinenbau studierte. <\/p>\n\n\n\n<p>Nach seinem Studium war er viele Jahre in leitender Position in der Industrie und der technischen \u00dcberwachung t\u00e4tig, unter anderem als Entwicklungschef einer Reifenfabrik. Au\u00dferdem arbeitete er als Schriftsteller und hielt als Lehrbeauftragter der Fachhochschule Landshut \u00d6kologie-Vorlesungen.<\/p>\n\n\n\n<p>Nach seinem Ausscheiden aus dem aktiven Berufsleben wirkte er als freier Schriftsteller und Redakteur der Zeitschrift GralsWelt. Zudem war er als Berater und Gutachter f\u00fcr die Reifenindustrie t\u00e4tig. Seine beruflichen Erfahrungen gab er an k\u00fcnftige Ingenieure weiter, die er bis in sein 81. Lebensjahr an der Hochschule Ulm in die Fahrzeugdynamik und die Reifentechnik einf\u00fchrte. <\/p>\n\n\n\n<p>Seine Buchver\u00f6ffentlichungen zu weltanschaulichen Fragen basieren auf einer sich \u00fcber viele Jahre erstreckenden, gr\u00fcndlichen Besch\u00e4ftigung mit naturphilosophischen, historischen und esoterischen Fragen. Von der \u00fcblichen esoterischen Literatur heben sie sich ab durch gr\u00fcndliches Quellenstudium und klare Unterscheidung zwischen Zitaten und der Meinung des Verfassers.<\/p>\n\n\n\n<h2 class=\"wp-block-heading\">Buch-Ver\u00f6ffentlichungen<\/h2>\n\n\n\n<ul class=\"wp-block-list\">\n<li>&#8222;Kurz, knapp, kurios&#8220;, BMI Expert Verlag, 2021. <a href=\"https:\/\/kurzknappkurios.com\/\" target=\"_blank\" rel=\"noreferrer noopener\">https:\/\/kurzknappkurios.com\/<\/a><\/li>\n\n\n\n<li>\u201eSpreu und Weizen\u201c, Gralsverlag, Purgstall 10, 8063 Eggersdorf bei Graz (\u00d6sterreich), 2003.<\/li>\n\n\n\n<li>\u201eAuf der Suche nach einem neuen Weltbild\u201c, Verlag der Stiftung Gralsbotschaft, Stuttgart, 1982. Neuauflage 2002.<\/li>\n\n\n\n<li>\u201eDer okkulte Kanzler\u201c, Eigenverlag, Gr\u00e4felfing, 2000. Nur noch als E-Book verf\u00fcgbar.<\/li>\n\n\n\n<li>\u201eDer okkulte Kanzler\u201c; \u00dcbersetzung ins Tschechische: \u201eOkultni Kancler\u201c, Integral Brno s.r.o., 2008.<\/li>\n\n\n\n<li>\u201eWenn es kein Wunder war\u201c, Verlag der Stiftung Gralsbotschaft, Stuttgart, 1980. Neuauflage 2000.<\/li>\n\n\n\n<li>\u201eDie Kluft zwischen Wissenschaft und Wahrheit\u201c, Verlag der Stiftung Gralsbotschaft, Stuttgart, 1986.<\/li>\n\n\n\n<li>\u201eDie Apokalypse als Hoffnung\u201c, Droemer-Knaur, M\u00fcnchen, 1984.<\/li>\n<\/ul>\n\n\n\n<h2 class=\"wp-block-heading\">Interview bei Thanatos TV<\/h2>\n\n\n\n<p><strong>Video-Interview<\/strong> von Werner Huemer mit Siegfried Hagl: &#8222;Religi\u00f6ser Fanatismus, militanter Atheismus, &#8211; wohin steuern wir ?&#8220; (2015).<\/p>\n\n\n\n<ul class=\"wp-block-list\">\n<li>Thanatos TV<a href=\"https:\/\/thanatos.tv\/siegfried-hagl-religioeser-fanatismus-militanter-atheismus-wohin-steuern-wir\" target=\"_blank\" rel=\"noreferrer noopener\"><br>https:\/\/thanatos.tv\/siegfried-hagl-religioeser-fanatismus-militanter-atheismus-wohin-steuern-wir<\/a><\/li>\n\n\n\n<li>YouTube<br><a rel=\"noreferrer noopener\" href=\"https:\/\/www.youtube.com\/watch?v=QMWwEHHFU0E\" target=\"_blank\">https:\/\/www.youtube.com\/watch?v=QMWwEHHFU0E<\/a>HHFU0E<\/li>\n<\/ul>\n\n\n\n<h2 class=\"wp-block-heading\">Autoren Interview<\/h2>\n\n\n\n<p>(Ver\u00f6ffentlicht als Beilage zu GralsWelt 25\/2002)<\/p>\n\n\n\n<p><em>Sie haben in verschiedenen Verlagen bisher insgesamt sechs Sachb\u00fccher zu weltanschaulichen Fragen ver\u00f6ffentlicht und sind seit vielen Jahren f\u00fcr den \u201eVerlag der Stiftung Gralsbotschaft\u201c als Autor t\u00e4tig. Zwei Ihrer B\u00fccher \u2013 \u201eWenn es kein Wunder war \u2026\u201c und \u201eAuf der Suche nach einem neuen Weltbild\u201c\u2013&nbsp; wurden im Rahmen der Taschenbuch-\u201eEDITION GRALSWELT\u201c nun, rund 20 Jahre nach der Erstauflage, in \u00fcberarbeiteten Neufassungen wieder aufgelegt. Hat sich in diesen Jahrzehnten nach Ihrer Ansicht in unserem Weltbild etwas Entscheidendes ver\u00e4ndert?<\/em><\/p>\n\n\n\n<p>In den letzten Jahrzehnten sehe ich keine grundlegenden Ver\u00e4nderungen unseres Weltbildes. Allerdings hat sich im \u00f6ffentlichen Bewusstsein einiges gewandelt:<\/p>\n\n\n\n<p>* <strong>\u00d6kologie:<\/strong> Hier stehen wir vor einer schizophrenen Situation. Einerseits ist das Umweltbewusstsein ist seit 1972 , dem Jahr der Ver\u00f6ffentlichung der &#8222;Grenzen des Wachstums&#8220;, fast schon Allgemeingut geworden. Viele, meist kleinere Schritte f\u00fcr den Umweltschutz konnten durchgesetzt werden, und sogar politische Parteien haben dieses Thema, zumindest vordergr\u00fcndig, aufgegriffen.<\/p>\n\n\n\n<p>Andererseits werden die eigentlichen Bedrohungen, wie die \u00dcberv\u00f6lkerung, verdr\u00e4ngt; vermutlich weil sich die Verantwortlichen mit dieser Problematik hilflos \u00fcberfordert f\u00fchlen. Auch die Einsicht, da\u00df unser Planet begrenzt ist, also fortlaufendes (exponentielles) wirtschaftliches Wachstum unm\u00f6glich ist, sucht man in den Staatszielen genauso vergeblich wie erste Ans\u00e4tze zu einer dem 21. Jahrhundert angemessenen Wirtschaftspolitik. Denn die vorgeblich unvermeidliche &#8222;Globalisierung&#8220; ber\u00fccksichtigt bisher die Umweltbelange kaum, berechtige soziale Anliegen zu wenig, und wird daher die Menschheitsprobleme nicht l\u00f6sen.<\/p>\n\n\n\n<p>* <strong>Esoterik: <\/strong>Die Suche nach weiterf\u00fchrenden Einsichten, die sich in der Esoterik- bzw. New-Age-Welle der 70er und 80er Jahre zeigte, ist abgeklungen. Viele Menschen wenden sich sogar entt\u00e4uscht wieder davon ab, nachdem z.B. manche (verantwortungslose) Gurus mehr versprachen, als sie halten konnten. Erneut entsteht eine seelische Leere, die sich mit dem weltweit triumphierenden Materialismus nur verdecken, nicht f\u00fcllen l\u00e4sst. So macht sich speziell bei j\u00fcngeren Menschen Agnostizismus bzw. Atheismus oder Zynismus breit, der seine Legitimation unschwer in der Religions- und Kirchengeschichte findet. Vielleicht kann die GralsWelt ein wenig dazu beitragen, dass dem einen oder anderen der Weg zur wahren Gotterkenntnis ge\u00f6ffnet wird, die ihm, jenseits konfessioneller Bindungen und historischem Versagen vieler Religionen, die unentbehrliche innere Sicherheit schenkt.<\/p>\n\n\n\n<hr class=\"wp-block-separator has-css-opacity\"\/>\n\n\n\n<p><em>Wenn man die heutige Zeit betrachtet, findet man viele Anzeichen einer tiefgreifenden Krise \u2013 von den \u00f6kologischen Problemen in der Au\u00dfenwelt bis zu den seelischen Problemen in der menschlichen Innenwelt. Gibt es aus Ihrer Sicht eine gemeinsame Wurzel f\u00fcr die zunehmenden Schwierigkeiten \u2013 und was k\u00f6nnte man tun, um gegenzusteuern?<\/em><\/p>\n\n\n\n<p>Alexander Solschenizyn sagte 1983: &#8222;Die Menschen haben Gott vergessen, daher dies alles&#8230;&#8220; und sah darin die Ursache f\u00fcr die Katastrophen des 20. Jahrhunderts. Ich stimme ihm zu.<\/p>\n\n\n\n<p>Eine Gesellschaft, die sich keiner Verantwortung gegen\u00fcber einer h\u00f6heren Instanz bewusst ist, eine Gesellschaft die sich fast ausschlie\u00dflich dem Kommerz, oder wie es heute hei\u00dft dem &#8222;shareholder-value&#8220; verschrieben hat, eine Gesellschaft, die achselzuckend hinnimmt, dass Demokratie und Korruption zusammengeh\u00f6ren, eine solche Gesellschaft kann nicht dauerhaft stabil bleiben. Dass Kirchen und Religionen weitgehend versagt haben, entbindet uns nicht unserer pers\u00f6nlichen Verantwortung unserem Sch\u00f6pfer gegen\u00fcber. So lange dieses Verantwortungsbewusstsein vielen Entscheidungstr\u00e4gern oder gar der Mehrzahl der B\u00fcrger fehlt, werden noch so gut gemeinte vordergr\u00fcndige Probleml\u00f6sungen nur Teilerfolge bringen.<\/p>\n\n\n\n<hr class=\"wp-block-separator has-css-opacity\"\/>\n\n\n\n<p><em>Bei Ihren B\u00fcchern f\u00e4llt auf, dass Sie ein sehr intensives Quellenstudium betreiben und sich eingehend mit naturwissenschaftlichen, historischen und auch esoterischen Betrachtungsweisen besch\u00e4ftigen. Wie recherchieren Sie Ihre Themen? Man m\u00f6chte annehmen, Sie verf\u00fcgen \u00fcber eine riesige Bibliothek!<\/em><\/p>\n\n\n\n<p>Ich war schon immer ein B\u00fccherliebhaber, habe viel gelesen und besitze B\u00fccher, denen ich wertvolle Anregungen verdanke. Wenn ich nach Informationen f\u00fcr ein spezielles Thema suche, dann recherchiere ich in erster Linie in der Bayerischen Staatbibliothek und neuerdings auch im Internet. Ich bin ja in der gl\u00fccklichen Lage, dass mir in M\u00fcnchen eine der gr\u00f6\u00dften deutschsprachigen Bibliotheken offen steht.<\/p>\n\n\n\n<hr class=\"wp-block-separator has-css-opacity\"\/>\n\n\n\n<p><em>Sie waren \u00fcber viele Jahre in leitender Position in der Industrie t\u00e4tig. Was hat Sie denn urspr\u00fcnglich dazu angeregt, sich so intensiv mit weltanschaulichen Fragen zu besch\u00e4ftigen?<\/em><\/p>\n\n\n\n<p>Vielleicht aufgrund der schwierigen Zeiten in meiner Jugend, war ich schon fr\u00fch an Philosophie, Weltanschauung und Religionen interessiert. Ein Ingenieurstudium vertiefte meine Begeisterung f\u00fcr die Naturwissenschaften. Seit 1953 ist f\u00fcr mich die Gralsbotschaft &#8222;Im Lichte der Wahrheit&#8220; von Abd-ru-shin richtungweisend, der ich meinen \u00fcberzeugten Glauben an den Sch\u00f6pfer aller Welten verdanke.<\/p>\n\n\n\n<hr class=\"wp-block-separator has-css-opacity\"\/>\n\n\n\n<p><em>Als GralsWelt-Redakteur haben Sie bereits mehrfach Serien und Themenschwerpunkte erarbeitet \u2013 so etwa \u201eDie Weisheit Asiens\u201c, \u201eDas Jahrhundert der Utopien\u201c (Themenheft 3) oder \u201eDie Atlantis-Saga\u201c. Was wird man als n\u00e4chstes von Ihnen lesen k\u00f6nnen?<\/em><\/p>\n\n\n\n<p>Einer Anregung aus dem Kreis der GralsWelt-Leser folgend, habe ich eine Reihe \u00fcber die nordamerikanischen Indianer konzipiert, unter dem Arbeitstitel &#8222;Das war der Wilde Westen&#8220;. Es handelt sich um ein Thema, das mich schon seit vielen Jahren interessiert, und im letzten Jahrzehnt hatte ich Gelegenheit, im Verlaufe l\u00e4ngerer Reisen durch die USA auch die entsprechenden Landschaften kennen zu lernen.<\/p>\n\n\n\n<p>Dann hat mich vor kurzem noch das Thema &#8222;Weltr\u00e4tsel und Naturwunder&#8220; fasziniert und dazu angeregt, unter diesem Arbeitstitel eine mehrteilige Reihe zu versuchen.<\/p>\n\n\n\n<p>Au\u00dferdem werden vielleicht noch einige Arbeiten zur Reihe &#8222;Merkw\u00fcrdige Geschichten&#8220; folgen.<br>[Erschienen 2021, siehe <a rel=\"noreferrer noopener\" href=\"https:\/\/kurzknappkurios.com\" target=\"_blank\">kurzknappkurios.com<\/a>]<\/p>\n","protected":false},"excerpt":{"rendered":"<p>\u00dcber Siegfried Hagl Siegfried Hagl, ist Diplom-Ingenieur, Dozent, Schriftsteller und Autor zahlreicher B\u00fccher. Seine Interessenschwerpunkte sind Geschichte, Technik, Esoterik, \u00d6kologie, Religionsgeschichte, Wissenschaft und Wirtschaft. In seinem aktuellen Buch &#8222;Kurz, knapp, kurios: Au\u00dfergew\u00f6hnliche Episoden aus Geschichte, Kultur und Gesellschaft&#8220; (weitere Informationen hier) stellt Siegfried Hagl eine erlesene Auswahl seines Schaffens der letzten Jahrzehnte vor. Biographie Siegfried [&hellip;]<\/p>\n","protected":false},"author":2,"featured_media":0,"parent":0,"menu_order":0,"comment_status":"closed","ping_status":"open","template":"templates\/template-full-width.php","meta":{"footnotes":""},"class_list":["post-2530","page","type-page","status-publish","hentry"],"yoast_head":"<!-- This site is optimized with the Yoast SEO plugin v27.5 - https:\/\/yoast.com\/product\/yoast-seo-wordpress\/ -->\n<title>Siegfried Hagl &#8211; SiegfriedHagl.com<\/title>\n<meta name=\"robots\" content=\"index, follow, max-snippet:-1, max-image-preview:large, max-video-preview:-1\" \/>\n<link rel=\"canonical\" href=\"https:\/\/www.siegfriedhagl.com\/it\/\" \/>\n<meta property=\"og:locale\" content=\"it_IT\" \/>\n<meta property=\"og:type\" content=\"article\" \/>\n<meta property=\"og:title\" content=\"Siegfried Hagl &#8211; SiegfriedHagl.com\" \/>\n<meta property=\"og:description\" content=\"\u00dcber Siegfried Hagl Siegfried Hagl, ist Diplom-Ingenieur, Dozent, Schriftsteller und Autor zahlreicher B\u00fccher. Seine Interessenschwerpunkte sind Geschichte, Technik, Esoterik, \u00d6kologie, Religionsgeschichte, Wissenschaft und Wirtschaft. In seinem aktuellen Buch &#8222;Kurz, knapp, kurios: Au\u00dfergew\u00f6hnliche Episoden aus Geschichte, Kultur und Gesellschaft&#8220; (weitere Informationen hier) stellt Siegfried Hagl eine erlesene Auswahl seines Schaffens der letzten Jahrzehnte vor. Biographie Siegfried [&hellip;]\" \/>\n<meta property=\"og:url\" content=\"https:\/\/www.siegfriedhagl.com\/it\/\" \/>\n<meta property=\"og:site_name\" content=\"SiegfriedHagl.com\" \/>\n<meta property=\"article:modified_time\" content=\"2024-07-04T09:56:13+00:00\" \/>\n<meta property=\"og:image\" content=\"https:\/\/www.siegfriedhagl.com\/wp-content\/uploads\/Siegfried-Hagl.jpg\" \/>\n<meta name=\"twitter:card\" content=\"summary_large_image\" \/>\n<meta name=\"twitter:label1\" content=\"Tempo di lettura stimato\" \/>\n\t<meta name=\"twitter:data1\" content=\"6 minuti\" \/>\n<script type=\"application\/ld+json\" class=\"yoast-schema-graph\">{\"@context\":\"https:\\\/\\\/schema.org\",\"@graph\":[{\"@type\":\"WebPage\",\"@id\":\"https:\\\/\\\/www.siegfriedhagl.com\\\/\",\"url\":\"https:\\\/\\\/www.siegfriedhagl.com\\\/\",\"name\":\"Siegfried Hagl &#8211; SiegfriedHagl.com\",\"isPartOf\":{\"@id\":\"https:\\\/\\\/www.siegfriedhagl.com\\\/#website\"},\"primaryImageOfPage\":{\"@id\":\"https:\\\/\\\/www.siegfriedhagl.com\\\/#primaryimage\"},\"image\":{\"@id\":\"https:\\\/\\\/www.siegfriedhagl.com\\\/#primaryimage\"},\"thumbnailUrl\":\"https:\\\/\\\/www.siegfriedhagl.com\\\/wp-content\\\/uploads\\\/Siegfried-Hagl.jpg\",\"datePublished\":\"2016-02-15T07:54:35+00:00\",\"dateModified\":\"2024-07-04T09:56:13+00:00\",\"breadcrumb\":{\"@id\":\"https:\\\/\\\/www.siegfriedhagl.com\\\/#breadcrumb\"},\"inLanguage\":\"it-IT\",\"potentialAction\":[{\"@type\":\"ReadAction\",\"target\":[\"https:\\\/\\\/www.siegfriedhagl.com\\\/\"]}]},{\"@type\":\"ImageObject\",\"inLanguage\":\"it-IT\",\"@id\":\"https:\\\/\\\/www.siegfriedhagl.com\\\/#primaryimage\",\"url\":\"https:\\\/\\\/www.siegfriedhagl.com\\\/wp-content\\\/uploads\\\/Siegfried-Hagl.jpg\",\"contentUrl\":\"https:\\\/\\\/www.siegfriedhagl.com\\\/wp-content\\\/uploads\\\/Siegfried-Hagl.jpg\"},{\"@type\":\"BreadcrumbList\",\"@id\":\"https:\\\/\\\/www.siegfriedhagl.com\\\/#breadcrumb\",\"itemListElement\":[{\"@type\":\"ListItem\",\"position\":1,\"name\":\"Startseite\",\"item\":\"https:\\\/\\\/www.siegfriedhagl.com\\\/\"},{\"@type\":\"ListItem\",\"position\":2,\"name\":\"Siegfried Hagl\"}]},{\"@type\":\"WebSite\",\"@id\":\"https:\\\/\\\/www.siegfriedhagl.com\\\/#website\",\"url\":\"https:\\\/\\\/www.siegfriedhagl.com\\\/\",\"name\":\"SiegfriedHagl.com\",\"description\":\"Artikel und Blog von Siegfried Hagl\",\"publisher\":{\"@id\":\"https:\\\/\\\/www.siegfriedhagl.com\\\/#\\\/schema\\\/person\\\/263c4a916fa13b3e7eda58f6c8c2695f\"},\"potentialAction\":[{\"@type\":\"SearchAction\",\"target\":{\"@type\":\"EntryPoint\",\"urlTemplate\":\"https:\\\/\\\/www.siegfriedhagl.com\\\/?s={search_term_string}\"},\"query-input\":{\"@type\":\"PropertyValueSpecification\",\"valueRequired\":true,\"valueName\":\"search_term_string\"}}],\"inLanguage\":\"it-IT\"},{\"@type\":[\"Person\",\"Organization\"],\"@id\":\"https:\\\/\\\/www.siegfriedhagl.com\\\/#\\\/schema\\\/person\\\/263c4a916fa13b3e7eda58f6c8c2695f\",\"name\":\"siegfriedhagl\",\"image\":{\"@type\":\"ImageObject\",\"inLanguage\":\"it-IT\",\"@id\":\"https:\\\/\\\/secure.gravatar.com\\\/avatar\\\/45b010d0734a07d6fa163753be02d78684ff4128f419d6ee0a0370de54233f1c?s=96&d=mm&r=g\",\"url\":\"https:\\\/\\\/secure.gravatar.com\\\/avatar\\\/45b010d0734a07d6fa163753be02d78684ff4128f419d6ee0a0370de54233f1c?s=96&d=mm&r=g\",\"contentUrl\":\"https:\\\/\\\/secure.gravatar.com\\\/avatar\\\/45b010d0734a07d6fa163753be02d78684ff4128f419d6ee0a0370de54233f1c?s=96&d=mm&r=g\",\"caption\":\"siegfriedhagl\"},\"logo\":{\"@id\":\"https:\\\/\\\/secure.gravatar.com\\\/avatar\\\/45b010d0734a07d6fa163753be02d78684ff4128f419d6ee0a0370de54233f1c?s=96&d=mm&r=g\"},\"sameAs\":[\"http:\\\/\\\/www.hagl.net\"]}]}<\/script>\n<!-- \/ Yoast SEO plugin. -->","yoast_head_json":{"title":"Siegfried Hagl - SiegfriedHagl.com","robots":{"index":"index","follow":"follow","max-snippet":"max-snippet:-1","max-image-preview":"max-image-preview:large","max-video-preview":"max-video-preview:-1"},"canonical":"https:\/\/www.siegfriedhagl.com\/it\/","og_locale":"it_IT","og_type":"article","og_title":"Siegfried Hagl &#8211; SiegfriedHagl.com","og_description":"\u00dcber Siegfried Hagl Siegfried Hagl, ist Diplom-Ingenieur, Dozent, Schriftsteller und Autor zahlreicher B\u00fccher. Seine Interessenschwerpunkte sind Geschichte, Technik, Esoterik, \u00d6kologie, Religionsgeschichte, Wissenschaft und Wirtschaft. In seinem aktuellen Buch &#8222;Kurz, knapp, kurios: Au\u00dfergew\u00f6hnliche Episoden aus Geschichte, Kultur und Gesellschaft&#8220; (weitere Informationen hier) stellt Siegfried Hagl eine erlesene Auswahl seines Schaffens der letzten Jahrzehnte vor. Biographie Siegfried [&hellip;]","og_url":"https:\/\/www.siegfriedhagl.com\/it\/","og_site_name":"SiegfriedHagl.com","article_modified_time":"2024-07-04T09:56:13+00:00","og_image":[{"url":"https:\/\/www.siegfriedhagl.com\/wp-content\/uploads\/Siegfried-Hagl.jpg","type":"","width":"","height":""}],"twitter_card":"summary_large_image","twitter_misc":{"Tempo di lettura stimato":"6 minuti"},"schema":{"@context":"https:\/\/schema.org","@graph":[{"@type":"WebPage","@id":"https:\/\/www.siegfriedhagl.com\/","url":"https:\/\/www.siegfriedhagl.com\/","name":"Siegfried Hagl - SiegfriedHagl.com","isPartOf":{"@id":"https:\/\/www.siegfriedhagl.com\/#website"},"primaryImageOfPage":{"@id":"https:\/\/www.siegfriedhagl.com\/#primaryimage"},"image":{"@id":"https:\/\/www.siegfriedhagl.com\/#primaryimage"},"thumbnailUrl":"https:\/\/www.siegfriedhagl.com\/wp-content\/uploads\/Siegfried-Hagl.jpg","datePublished":"2016-02-15T07:54:35+00:00","dateModified":"2024-07-04T09:56:13+00:00","breadcrumb":{"@id":"https:\/\/www.siegfriedhagl.com\/#breadcrumb"},"inLanguage":"it-IT","potentialAction":[{"@type":"ReadAction","target":["https:\/\/www.siegfriedhagl.com\/"]}]},{"@type":"ImageObject","inLanguage":"it-IT","@id":"https:\/\/www.siegfriedhagl.com\/#primaryimage","url":"https:\/\/www.siegfriedhagl.com\/wp-content\/uploads\/Siegfried-Hagl.jpg","contentUrl":"https:\/\/www.siegfriedhagl.com\/wp-content\/uploads\/Siegfried-Hagl.jpg"},{"@type":"BreadcrumbList","@id":"https:\/\/www.siegfriedhagl.com\/#breadcrumb","itemListElement":[{"@type":"ListItem","position":1,"name":"Startseite","item":"https:\/\/www.siegfriedhagl.com\/"},{"@type":"ListItem","position":2,"name":"Siegfried Hagl"}]},{"@type":"WebSite","@id":"https:\/\/www.siegfriedhagl.com\/#website","url":"https:\/\/www.siegfriedhagl.com\/","name":"SiegfriedHagl.com","description":"Articolo e blog di Siegfried Hagl","publisher":{"@id":"https:\/\/www.siegfriedhagl.com\/#\/schema\/person\/263c4a916fa13b3e7eda58f6c8c2695f"},"potentialAction":[{"@type":"SearchAction","target":{"@type":"EntryPoint","urlTemplate":"https:\/\/www.siegfriedhagl.com\/?s={search_term_string}"},"query-input":{"@type":"PropertyValueSpecification","valueRequired":true,"valueName":"search_term_string"}}],"inLanguage":"it-IT"},{"@type":["Person","Organization"],"@id":"https:\/\/www.siegfriedhagl.com\/#\/schema\/person\/263c4a916fa13b3e7eda58f6c8c2695f","name":"siegfriedhagl","image":{"@type":"ImageObject","inLanguage":"it-IT","@id":"https:\/\/secure.gravatar.com\/avatar\/45b010d0734a07d6fa163753be02d78684ff4128f419d6ee0a0370de54233f1c?s=96&d=mm&r=g","url":"https:\/\/secure.gravatar.com\/avatar\/45b010d0734a07d6fa163753be02d78684ff4128f419d6ee0a0370de54233f1c?s=96&d=mm&r=g","contentUrl":"https:\/\/secure.gravatar.com\/avatar\/45b010d0734a07d6fa163753be02d78684ff4128f419d6ee0a0370de54233f1c?s=96&d=mm&r=g","caption":"siegfriedhagl"},"logo":{"@id":"https:\/\/secure.gravatar.com\/avatar\/45b010d0734a07d6fa163753be02d78684ff4128f419d6ee0a0370de54233f1c?s=96&d=mm&r=g"},"sameAs":["http:\/\/www.hagl.net"]}]}},"_links":{"self":[{"href":"https:\/\/www.siegfriedhagl.com\/it\/wp-json\/wp\/v2\/pages\/2530","targetHints":{"allow":["GET"]}}],"collection":[{"href":"https:\/\/www.siegfriedhagl.com\/it\/wp-json\/wp\/v2\/pages"}],"about":[{"href":"https:\/\/www.siegfriedhagl.com\/it\/wp-json\/wp\/v2\/types\/page"}],"author":[{"embeddable":true,"href":"https:\/\/www.siegfriedhagl.com\/it\/wp-json\/wp\/v2\/users\/2"}],"replies":[{"embeddable":true,"href":"https:\/\/www.siegfriedhagl.com\/it\/wp-json\/wp\/v2\/comments?post=2530"}],"version-history":[{"count":46,"href":"https:\/\/www.siegfriedhagl.com\/it\/wp-json\/wp\/v2\/pages\/2530\/revisions"}],"predecessor-version":[{"id":11038,"href":"https:\/\/www.siegfriedhagl.com\/it\/wp-json\/wp\/v2\/pages\/2530\/revisions\/11038"}],"wp:attachment":[{"href":"https:\/\/www.siegfriedhagl.com\/it\/wp-json\/wp\/v2\/media?parent=2530"}],"curies":[{"name":"wp","href":"https:\/\/api.w.org\/{rel}","templated":true}]}}