{"version":"1.0","provider_name":"SiegfriedHagl.com","provider_url":"https:\/\/www.siegfriedhagl.com\/fr","author_name":"siegfriedhagl","author_url":"https:\/\/www.siegfriedhagl.com\/fr\/author\/siegfriedhagl\/","title":"Brauchen wir die \u00d6kodiktatur? &#8211; SiegfriedHagl.com","type":"rich","width":600,"height":338,"html":"<blockquote class=\"wp-embedded-content\" data-secret=\"wn0ai0TWKw\"><a href=\"https:\/\/www.siegfriedhagl.com\/fr\/economie-et-social\/avons-nous-besoin-de-la-codictature\/\">Avons-nous besoin de l&#039;\u00e9co-dictature ?<\/a><\/blockquote><iframe sandbox=\"allow-scripts\" security=\"restricted\" src=\"https:\/\/www.siegfriedhagl.com\/fr\/economie-et-social\/avons-nous-besoin-de-la-codictature\/embed\/#?secret=wn0ai0TWKw\" width=\"600\" height=\"338\" title=\"&quot; Avons-nous besoin de la dictature \u00e9cologique ? &quot; - SiegfriedHagl.com\" data-secret=\"wn0ai0TWKw\" frameborder=\"0\" marginwidth=\"0\" marginheight=\"0\" scrolling=\"no\" class=\"wp-embedded-content\"><\/iframe><script>\n\/*! This file is auto-generated *\/\n!function(d,l){\"use strict\";l.querySelector&&d.addEventListener&&\"undefined\"!=typeof URL&&(d.wp=d.wp||{},d.wp.receiveEmbedMessage||(d.wp.receiveEmbedMessage=function(e){var t=e.data;if((t||t.secret||t.message||t.value)&&!\/[^a-zA-Z0-9]\/.test(t.secret)){for(var s,r,n,a=l.querySelectorAll('iframe[data-secret=\"'+t.secret+'\"]'),o=l.querySelectorAll('blockquote[data-secret=\"'+t.secret+'\"]'),c=new RegExp(\"^https?:$\",\"i\"),i=0;i<o.length;i++)o[i].style.display=\"none\";for(i=0;i<a.length;i++)s=a[i],e.source===s.contentWindow&&(s.removeAttribute(\"style\"),\"height\"===t.message?(1e3<(r=parseInt(t.value,10))?r=1e3:~~r<200&&(r=200),s.height=r):\"link\"===t.message&&(r=new URL(s.getAttribute(\"src\")),n=new URL(t.value),c.test(n.protocol))&&n.host===r.host&&l.activeElement===s&&(d.top.location.href=t.value))}},d.addEventListener(\"message\",d.wp.receiveEmbedMessage,!1),l.addEventListener(\"DOMContentLoaded\",function(){for(var e,t,s=l.querySelectorAll(\"iframe.wp-embedded-content\"),r=0;r<s.length;r++)(t=(e=s[r]).getAttribute(\"data-secret\"))||(t=Math.random().toString(36).substring(2,12),e.src+=\"#?secret=\"+t,e.setAttribute(\"data-secret\",t)),e.contentWindow.postMessage({message:\"ready\",secret:t},\"*\")},!1)))}(window,document);\n\/\/# sourceURL=https:\/\/www.siegfriedhagl.com\/wp-includes\/js\/wp-embed.min.js\n<\/script>","description":"(Ver\u00f6ffentlicht in GralsWelt 72\/2012) Im Laufe meines Lebens habe ich verschiedene Phasen des allgemeinen Bewusstseins erlebt: * Schwanken zwischen Hoffnung und Verzweiflung w\u00e4hrend des Krieges. * Eine deprimierte Stimmung nach der Kapitulation Deutschlands im Mai 1945, mit besetztem Land und St\u00e4dten und Fabriken in Ruinen. * Eine z\u00f6gerliche Aufbruchsstimmung nach der W\u00e4hrungsreform vom 20. Juni [&hellip;]"}